{"id":145,"date":"2015-03-10T09:59:10","date_gmt":"2015-03-10T09:59:10","guid":{"rendered":"http:\/\/demo.athemes.com\/sydney\/?page_id=145"},"modified":"2016-09-29T15:56:41","modified_gmt":"2016-09-29T14:56:41","slug":"la-brasserie","status":"publish","type":"page","link":"https:\/\/brasserieduclocher.be\/philomene\/la-brasserie\/","title":{"rendered":"Historique &#8211; Ligne du temps"},"content":{"rendered":"<p>&#8212;- PAGE EN CONSTRUCTION &#8212;-<\/p>\n<p>Comme vous le savez, depuis un certain temps la chapelle du Piroy \u00e0 Malonne s\u2019offre une nouvelle jeunesse. Notre pari fou (Jean Cheffert et Alex Vandurme) d\u2019y installer une brasserie commence \u00e0 prendre forme petit \u00e0 petit. Depuis le mois de septembre les travaux se succ\u00e8dent. Gr\u00e2ce \u00e0 l\u2019aide d\u2019une bonne bande de copains et d\u2019un moral d\u2019acier, ce sont successivement le clocher, les corniches, l\u2019\u00e9lectricit\u00e9, le plafonnage, les ch\u00e2ssis, les fondations que nous avons remis \u00e0 neuf.<\/p>\n<! ========= Cool Timeline Free 2.1 =========><div class=\"cool_timeline cool-timeline-wrapper both-sided-wrapper white-timeline-wrapper default-skin-tm\"><h1 class=\"timeline-main-title center-block\">Ligne du temps<\/h1><div class=\"cool-timeline white-timeline ultimate-style both-sided-wrapper default-layout \"><div data-animations=\"fade-up\"  id=\"ctl-free-one\" class=\"cooltimeline_cont  clearfix icons_no\"><div  data-aos=\"fade-up\"  class=\"timeline-year scrollable-section\"\r\n\t\t\t\t\t\tdata-section-title=\"2016\" id=\"clt-2016\">\r\n\t\t\t\t\t\t<div class=\"icon-placeholder\"><span class=\"ctl-timeline-date\">2016<\/span><\/div>\r\n\t\t\t\t\t\t<div class=\"timeline-bar\"><\/div>\r\n\t\t\t\t\t\t<\/div><!-- .timeline-post-start--><div  class=\"timeline-post even light-grey-post icons_no  default-skin\"  id=\"story-514\"><div  data-aos=\"fade-up\" class=\"timeline-meta\"><div class=\"meta-details\">mars 1<\/div><\/div><div  data-aos=\"fade-up\" class=\"timeline-icon icon-dot-full\"><div class=\"timeline-bar\"><\/div><\/div><div  data-aos=\"fade-up\" class=\"timeline-content clearfix\"><h2 class=\"content-title\">La Philom\u00e8ne Florale voit le jour<\/h2><div class=\"ctl_info event-description small\"><div class=\"full-width\"><a title=\"La Philom\u00e8ne Florale voit le jour\"  href=\"https:\/\/brasserieduclocher.be\/philomene\/wp-content\/uploads\/2016\/03\/12804807_1711897159024093_5799127264444003996_n-e1458902604591.jpg\" class=\"ctl_prettyPhoto\"><img loading=\"lazy\" decoding=\"async\" width=\"1024\" height=\"1024\" src=\"https:\/\/brasserieduclocher.be\/philomene\/wp-content\/uploads\/2016\/03\/12804807_1711897159024093_5799127264444003996_n-e1458902604591-1024x1024.jpg\" class=\"story-img wp-post-image\" alt=\"La Philom\u00e8ne Florale voit le jour\" srcset=\"https:\/\/brasserieduclocher.be\/philomene\/wp-content\/uploads\/2016\/03\/12804807_1711897159024093_5799127264444003996_n-e1458902604591-1024x1024.jpg 1024w, https:\/\/brasserieduclocher.be\/philomene\/wp-content\/uploads\/2016\/03\/12804807_1711897159024093_5799127264444003996_n-e1458902604591-150x150.jpg 150w, https:\/\/brasserieduclocher.be\/philomene\/wp-content\/uploads\/2016\/03\/12804807_1711897159024093_5799127264444003996_n-e1458902604591-300x300.jpg 300w, https:\/\/brasserieduclocher.be\/philomene\/wp-content\/uploads\/2016\/03\/12804807_1711897159024093_5799127264444003996_n-e1458902604591-250x250.jpg 250w, https:\/\/brasserieduclocher.be\/philomene\/wp-content\/uploads\/2016\/03\/12804807_1711897159024093_5799127264444003996_n-e1458902604591-225x225.jpg 225w, https:\/\/brasserieduclocher.be\/philomene\/wp-content\/uploads\/2016\/03\/12804807_1711897159024093_5799127264444003996_n-e1458902604591-200x200.jpg 200w, https:\/\/brasserieduclocher.be\/philomene\/wp-content\/uploads\/2016\/03\/12804807_1711897159024093_5799127264444003996_n-e1458902604591-400x400.jpg 400w, https:\/\/brasserieduclocher.be\/philomene\/wp-content\/uploads\/2016\/03\/12804807_1711897159024093_5799127264444003996_n-e1458902604591-60x60.jpg 60w\" sizes=\"(max-width: 1024px) 100vw, 1024px\" itemprop=\"image\" \/><\/a><\/div><div class=\"content-details\">Apr\u00e8s plusieurs mois d&#8217;attente et de nombreux essais, la Philom\u00e8ne Florale est enfin en bouteille et disponible \u00e0 la vente. Il s&#8217;agit de la premi\u00e8re bi\u00e8re de la Brasserie du Clocher.<\/div><\/div><\/div><!-- timeline content --><\/div><!-- .timeline-post-end --><div  data-aos=\"fade-up\"  class=\"timeline-year scrollable-section\"\r\n\t\t\t\t\t\tdata-section-title=\"2015\" id=\"clt-2015\">\r\n\t\t\t\t\t\t<div class=\"icon-placeholder\"><span class=\"ctl-timeline-date\">2015<\/span><\/div>\r\n\t\t\t\t\t\t<div class=\"timeline-bar\"><\/div>\r\n\t\t\t\t\t\t<\/div><!-- .timeline-post-start--><div  class=\"timeline-post odd light-grey-post icons_no  default-skin\"  id=\"story-321\"><div  data-aos=\"fade-up\" class=\"timeline-meta\"><div class=\"meta-details\">d\u00e9cembre 20<\/div><\/div><div  data-aos=\"fade-up\" class=\"timeline-icon icon-dot-full\"><div class=\"timeline-bar\"><\/div><\/div><div  data-aos=\"fade-up\" class=\"timeline-content clearfix\"><h2 class=\"content-title\">D\u00e9cembre 2015<\/h2><div class=\"ctl_info event-description small\"><div class=\"full-width\"><a title=\"D\u00e9cembre 2015\"  href=\"https:\/\/brasserieduclocher.be\/philomene\/wp-content\/uploads\/2015\/12\/2015-12-20_13.55.07-1450784077.jpg\" class=\"ctl_prettyPhoto\"><img loading=\"lazy\" decoding=\"async\" width=\"1024\" height=\"1024\" src=\"https:\/\/brasserieduclocher.be\/philomene\/wp-content\/uploads\/2015\/12\/2015-12-20_13.55.07-1450784077-1024x1024.jpg\" class=\"story-img wp-post-image\" alt=\"D\u00e9cembre 2015\" srcset=\"https:\/\/brasserieduclocher.be\/philomene\/wp-content\/uploads\/2015\/12\/2015-12-20_13.55.07-1450784077-1024x1024.jpg 1024w, https:\/\/brasserieduclocher.be\/philomene\/wp-content\/uploads\/2015\/12\/2015-12-20_13.55.07-1450784077-150x150.jpg 150w, https:\/\/brasserieduclocher.be\/philomene\/wp-content\/uploads\/2015\/12\/2015-12-20_13.55.07-1450784077-300x300.jpg 300w, https:\/\/brasserieduclocher.be\/philomene\/wp-content\/uploads\/2015\/12\/2015-12-20_13.55.07-1450784077-250x250.jpg 250w, https:\/\/brasserieduclocher.be\/philomene\/wp-content\/uploads\/2015\/12\/2015-12-20_13.55.07-1450784077-500x500.jpg 500w, https:\/\/brasserieduclocher.be\/philomene\/wp-content\/uploads\/2015\/12\/2015-12-20_13.55.07-1450784077-225x225.jpg 225w, https:\/\/brasserieduclocher.be\/philomene\/wp-content\/uploads\/2015\/12\/2015-12-20_13.55.07-1450784077-200x200.jpg 200w, https:\/\/brasserieduclocher.be\/philomene\/wp-content\/uploads\/2015\/12\/2015-12-20_13.55.07-1450784077-400x400.jpg 400w, https:\/\/brasserieduclocher.be\/philomene\/wp-content\/uploads\/2015\/12\/2015-12-20_13.55.07-1450784077-60x60.jpg 60w, https:\/\/brasserieduclocher.be\/philomene\/wp-content\/uploads\/2015\/12\/2015-12-20_13.55.07-1450784077-266x266.jpg 266w\" sizes=\"(max-width: 1024px) 100vw, 1024px\" itemprop=\"image\" \/><\/a><\/div><div class=\"content-details\">Durant le mois de d\u00e9cembre, le mat\u00e9riel de brassage est arriv\u00e9e dans la Brasserie Du Clocher. Cela a \u00e9t\u00e9 l&#8217;occasion de faire les premiers tests du nouveau mat\u00e9riel et de mettre la main \u00e0 la p\u00e2te !<\/div><\/div><\/div><!-- timeline content --><\/div><!-- .timeline-post-end --><!-- .timeline-post-start--><div  class=\"timeline-post even light-grey-post icons_no  default-skin\"  id=\"story-307\"><div  data-aos=\"fade-up\" class=\"timeline-meta\"><div class=\"meta-details\">novembre 15<\/div><\/div><div  data-aos=\"fade-up\" class=\"timeline-icon icon-dot-full\"><div class=\"timeline-bar\"><\/div><\/div><div  data-aos=\"fade-up\" class=\"timeline-content clearfix\"><h2 class=\"content-title\">Novembre 2015<\/h2><div class=\"ctl_info event-description small\"><div class=\"full-width\"><a title=\"Novembre 2015\"  href=\"https:\/\/brasserieduclocher.be\/philomene\/wp-content\/uploads\/2016\/01\/slide2.png\" class=\"ctl_prettyPhoto\"><img loading=\"lazy\" decoding=\"async\" width=\"1024\" height=\"1024\" src=\"https:\/\/brasserieduclocher.be\/philomene\/wp-content\/uploads\/2016\/01\/slide2-1024x1024.png\" class=\"story-img wp-post-image\" alt=\"Novembre 2015\" srcset=\"https:\/\/brasserieduclocher.be\/philomene\/wp-content\/uploads\/2016\/01\/slide2-1024x1024.png 1024w, https:\/\/brasserieduclocher.be\/philomene\/wp-content\/uploads\/2016\/01\/slide2-150x150.png 150w, https:\/\/brasserieduclocher.be\/philomene\/wp-content\/uploads\/2016\/01\/slide2-300x300.png 300w, https:\/\/brasserieduclocher.be\/philomene\/wp-content\/uploads\/2016\/01\/slide2-250x250.png 250w, https:\/\/brasserieduclocher.be\/philomene\/wp-content\/uploads\/2016\/01\/slide2-550x550.png 550w, https:\/\/brasserieduclocher.be\/philomene\/wp-content\/uploads\/2016\/01\/slide2-500x500.png 500w, https:\/\/brasserieduclocher.be\/philomene\/wp-content\/uploads\/2016\/01\/slide2-225x225.png 225w, https:\/\/brasserieduclocher.be\/philomene\/wp-content\/uploads\/2016\/01\/slide2-200x200.png 200w, https:\/\/brasserieduclocher.be\/philomene\/wp-content\/uploads\/2016\/01\/slide2-400x400.png 400w, https:\/\/brasserieduclocher.be\/philomene\/wp-content\/uploads\/2016\/01\/slide2-600x600.png 600w, https:\/\/brasserieduclocher.be\/philomene\/wp-content\/uploads\/2016\/01\/slide2-60x60.png 60w\" sizes=\"(max-width: 1024px) 100vw, 1024px\" itemprop=\"image\" \/><\/a><\/div><div class=\"content-details\">Durant la fin de l&#8217;ann\u00e9e 2015, Alex &amp; Jean tentent des brassins d&#8217;essais de la philom\u00e8ne dans les installations de l\u2019abbaye de Brogne&#8221;<\/div><\/div><\/div><!-- timeline content --><\/div><!-- .timeline-post-end --><!-- .timeline-post-start--><div  class=\"timeline-post odd light-grey-post icons_no  default-skin\"  id=\"story-305\"><div  data-aos=\"fade-up\" class=\"timeline-meta\"><div class=\"meta-details\">septembre 30<\/div><\/div><div  data-aos=\"fade-up\" class=\"timeline-icon icon-dot-full\"><div class=\"timeline-bar\"><\/div><\/div><div  data-aos=\"fade-up\" class=\"timeline-content clearfix\"><h2 class=\"content-title\">Septembre 2015<\/h2><div class=\"ctl_info event-description small\"><div class=\"full-width\"><a title=\"Septembre 2015\"  href=\"https:\/\/brasserieduclocher.be\/philomene\/wp-content\/uploads\/2016\/01\/Capture_2-1450190127.png\" class=\"ctl_prettyPhoto\"><img loading=\"lazy\" decoding=\"async\" width=\"1024\" height=\"1024\" src=\"https:\/\/brasserieduclocher.be\/philomene\/wp-content\/uploads\/2016\/01\/Capture_2-1450190127-1024x1024.png\" class=\"story-img wp-post-image\" alt=\"Septembre 2015\" srcset=\"https:\/\/brasserieduclocher.be\/philomene\/wp-content\/uploads\/2016\/01\/Capture_2-1450190127-1024x1024.png 1024w, https:\/\/brasserieduclocher.be\/philomene\/wp-content\/uploads\/2016\/01\/Capture_2-1450190127-150x150.png 150w, https:\/\/brasserieduclocher.be\/philomene\/wp-content\/uploads\/2016\/01\/Capture_2-1450190127-300x300.png 300w, https:\/\/brasserieduclocher.be\/philomene\/wp-content\/uploads\/2016\/01\/Capture_2-1450190127-225x225.png 225w, https:\/\/brasserieduclocher.be\/philomene\/wp-content\/uploads\/2016\/01\/Capture_2-1450190127-200x200.png 200w, https:\/\/brasserieduclocher.be\/philomene\/wp-content\/uploads\/2016\/01\/Capture_2-1450190127-60x60.png 60w\" sizes=\"(max-width: 1024px) 100vw, 1024px\" itemprop=\"image\" \/><\/a><\/div><div class=\"content-details\">Le d\u00e9but des Travaux. Gr\u00e2ce \u00e0 l\u2019aide d\u2019une bonne bande de copains et d\u2019un moral d\u2019acier, ce sont successivement le clocher, les corniches, l\u2019\u00e9lectricit\u00e9, le plafonnage, les ch\u00e2ssis, les fondations que nous avons remis \u00e0 neuf.<\/div><\/div><\/div><!-- timeline content --><\/div><!-- .timeline-post-end --><!-- .timeline-post-start--><div  class=\"timeline-post even light-grey-post icons_no  default-skin\"  id=\"story-314\"><div  data-aos=\"fade-up\" class=\"timeline-meta\"><div class=\"meta-details\">ao\u00fbt 16<\/div><\/div><div  data-aos=\"fade-up\" class=\"timeline-icon icon-dot-full\"><div class=\"timeline-bar\"><\/div><\/div><div  data-aos=\"fade-up\" class=\"timeline-content clearfix\"><h2 class=\"content-title\">Ao\u00fbt 2015<\/h2><div class=\"ctl_info event-description small\"><div class=\"full-width\"><a title=\"Ao\u00fbt 2015\"  href=\"https:\/\/brasserieduclocher.be\/philomene\/wp-content\/uploads\/2016\/01\/812903fa-33ba-11e5-b3c6-b92f0a713ef2_original.jpg\" class=\"ctl_prettyPhoto\"><img loading=\"lazy\" decoding=\"async\" width=\"1024\" height=\"1024\" src=\"https:\/\/brasserieduclocher.be\/philomene\/wp-content\/uploads\/2016\/01\/812903fa-33ba-11e5-b3c6-b92f0a713ef2_original-1024x1024.jpg\" class=\"story-img wp-post-image\" alt=\"Ao\u00fbt 2015\" srcset=\"https:\/\/brasserieduclocher.be\/philomene\/wp-content\/uploads\/2016\/01\/812903fa-33ba-11e5-b3c6-b92f0a713ef2_original-1024x1024.jpg 1024w, https:\/\/brasserieduclocher.be\/philomene\/wp-content\/uploads\/2016\/01\/812903fa-33ba-11e5-b3c6-b92f0a713ef2_original-150x150.jpg 150w, https:\/\/brasserieduclocher.be\/philomene\/wp-content\/uploads\/2016\/01\/812903fa-33ba-11e5-b3c6-b92f0a713ef2_original-300x300.jpg 300w, https:\/\/brasserieduclocher.be\/philomene\/wp-content\/uploads\/2016\/01\/812903fa-33ba-11e5-b3c6-b92f0a713ef2_original-250x250.jpg 250w, https:\/\/brasserieduclocher.be\/philomene\/wp-content\/uploads\/2016\/01\/812903fa-33ba-11e5-b3c6-b92f0a713ef2_original-500x500.jpg 500w, https:\/\/brasserieduclocher.be\/philomene\/wp-content\/uploads\/2016\/01\/812903fa-33ba-11e5-b3c6-b92f0a713ef2_original-225x225.jpg 225w, https:\/\/brasserieduclocher.be\/philomene\/wp-content\/uploads\/2016\/01\/812903fa-33ba-11e5-b3c6-b92f0a713ef2_original-200x200.jpg 200w, https:\/\/brasserieduclocher.be\/philomene\/wp-content\/uploads\/2016\/01\/812903fa-33ba-11e5-b3c6-b92f0a713ef2_original-400x400.jpg 400w, https:\/\/brasserieduclocher.be\/philomene\/wp-content\/uploads\/2016\/01\/812903fa-33ba-11e5-b3c6-b92f0a713ef2_original-60x60.jpg 60w, https:\/\/brasserieduclocher.be\/philomene\/wp-content\/uploads\/2016\/01\/812903fa-33ba-11e5-b3c6-b92f0a713ef2_original-266x266.jpg 266w\" sizes=\"(max-width: 1024px) 100vw, 1024px\" itemprop=\"image\" \/><\/a><\/div><div class=\"content-details\">Pour des raisons de s\u00e9curit\u00e9, on a redescendu les cloches de la petite \u00e9glise du Piroy \u00e0 Malonne.\u00a0Afin de continuer la transformation en Brasserie !<\/div><\/div><\/div><!-- timeline content --><\/div><!-- .timeline-post-end --><!-- .timeline-post-start--><div  class=\"timeline-post odd light-grey-post icons_no  default-skin\"  id=\"story-289\"><div  data-aos=\"fade-up\" class=\"timeline-meta\"><div class=\"meta-details\">juillet 31<\/div><\/div><div  data-aos=\"fade-up\" class=\"timeline-icon icon-dot-full\"><div class=\"timeline-bar\"><\/div><\/div><div  data-aos=\"fade-up\" class=\"timeline-content clearfix\"><h2 class=\"content-title\">Juillet 2015<\/h2><div class=\"ctl_info event-description small\"><div class=\"full-width\"><a title=\"Juillet 2015\"  href=\"https:\/\/brasserieduclocher.be\/philomene\/wp-content\/uploads\/2016\/01\/cropped-logo.png\" class=\"ctl_prettyPhoto\"><img loading=\"lazy\" decoding=\"async\" width=\"1024\" height=\"1024\" src=\"https:\/\/brasserieduclocher.be\/philomene\/wp-content\/uploads\/2016\/01\/cropped-logo-1024x1024.png\" class=\"story-img wp-post-image\" alt=\"Juillet 2015\" srcset=\"https:\/\/brasserieduclocher.be\/philomene\/wp-content\/uploads\/2016\/01\/cropped-logo-1024x1024.png 1024w, https:\/\/brasserieduclocher.be\/philomene\/wp-content\/uploads\/2016\/01\/cropped-logo-150x150.png 150w, https:\/\/brasserieduclocher.be\/philomene\/wp-content\/uploads\/2016\/01\/cropped-logo-300x300.png 300w, https:\/\/brasserieduclocher.be\/philomene\/wp-content\/uploads\/2016\/01\/cropped-logo-250x250.png 250w, https:\/\/brasserieduclocher.be\/philomene\/wp-content\/uploads\/2016\/01\/cropped-logo-500x500.png 500w, https:\/\/brasserieduclocher.be\/philomene\/wp-content\/uploads\/2016\/01\/cropped-logo-225x225.png 225w, https:\/\/brasserieduclocher.be\/philomene\/wp-content\/uploads\/2016\/01\/cropped-logo-200x200.png 200w, https:\/\/brasserieduclocher.be\/philomene\/wp-content\/uploads\/2016\/01\/cropped-logo-400x400.png 400w, https:\/\/brasserieduclocher.be\/philomene\/wp-content\/uploads\/2016\/01\/cropped-logo-260x260.png 260w, https:\/\/brasserieduclocher.be\/philomene\/wp-content\/uploads\/2016\/01\/cropped-logo-414x414.png 414w, https:\/\/brasserieduclocher.be\/philomene\/wp-content\/uploads\/2016\/01\/cropped-logo-60x60.png 60w, https:\/\/brasserieduclocher.be\/philomene\/wp-content\/uploads\/2016\/01\/cropped-logo.png 512w\" sizes=\"(max-width: 1024px) 100vw, 1024px\" itemprop=\"image\" \/><\/a><\/div><div class=\"content-details\">Une nouvelle microbrasserie s&#8217;installera bient\u00f4t \u00e0 Malonne. L&#8217;originalit\u00e9 de ce projet port\u00e9 par deux Namurois, c&#8217;est qu&#8217;il prendra place dans une ancienne \u00e9glise. La chapelle du Piroy est un b\u00e2timent d\u00e9sacralis\u00e9 et qui menace aujourd&#8217;hui de tomber en ruine.\u00a0A Malonne, ce sera la fabrication d&#8217;une bi\u00e8re artisanale. Une microbrasserie, pas\u2026<\/div><\/div><\/div><!-- timeline content --><\/div><!-- .timeline-post-end --><!-- .timeline-post-start--><div  class=\"timeline-post even light-grey-post icons_no  default-skin\"  id=\"story-288\"><div  data-aos=\"fade-up\" class=\"timeline-meta\"><div class=\"meta-details\">avril 30<\/div><\/div><div  data-aos=\"fade-up\" class=\"timeline-icon icon-dot-full\"><div class=\"timeline-bar\"><\/div><\/div><div  data-aos=\"fade-up\" class=\"timeline-content clearfix\"><h2 class=\"content-title\">Avril 2015<\/h2><div class=\"ctl_info event-description small\"><div class=\"full-width\"><a title=\"Avril 2015\"  href=\"https:\/\/brasserieduclocher.be\/philomene\/wp-content\/uploads\/2016\/01\/812903fa-33ba-11e5-b3c6-b92f0a713ef2_original.jpg\" class=\"ctl_prettyPhoto\"><img loading=\"lazy\" decoding=\"async\" width=\"1024\" height=\"1024\" src=\"https:\/\/brasserieduclocher.be\/philomene\/wp-content\/uploads\/2016\/01\/812903fa-33ba-11e5-b3c6-b92f0a713ef2_original-1024x1024.jpg\" class=\"story-img wp-post-image\" alt=\"Avril 2015\" srcset=\"https:\/\/brasserieduclocher.be\/philomene\/wp-content\/uploads\/2016\/01\/812903fa-33ba-11e5-b3c6-b92f0a713ef2_original-1024x1024.jpg 1024w, https:\/\/brasserieduclocher.be\/philomene\/wp-content\/uploads\/2016\/01\/812903fa-33ba-11e5-b3c6-b92f0a713ef2_original-150x150.jpg 150w, https:\/\/brasserieduclocher.be\/philomene\/wp-content\/uploads\/2016\/01\/812903fa-33ba-11e5-b3c6-b92f0a713ef2_original-300x300.jpg 300w, https:\/\/brasserieduclocher.be\/philomene\/wp-content\/uploads\/2016\/01\/812903fa-33ba-11e5-b3c6-b92f0a713ef2_original-250x250.jpg 250w, https:\/\/brasserieduclocher.be\/philomene\/wp-content\/uploads\/2016\/01\/812903fa-33ba-11e5-b3c6-b92f0a713ef2_original-500x500.jpg 500w, https:\/\/brasserieduclocher.be\/philomene\/wp-content\/uploads\/2016\/01\/812903fa-33ba-11e5-b3c6-b92f0a713ef2_original-225x225.jpg 225w, https:\/\/brasserieduclocher.be\/philomene\/wp-content\/uploads\/2016\/01\/812903fa-33ba-11e5-b3c6-b92f0a713ef2_original-200x200.jpg 200w, https:\/\/brasserieduclocher.be\/philomene\/wp-content\/uploads\/2016\/01\/812903fa-33ba-11e5-b3c6-b92f0a713ef2_original-400x400.jpg 400w, https:\/\/brasserieduclocher.be\/philomene\/wp-content\/uploads\/2016\/01\/812903fa-33ba-11e5-b3c6-b92f0a713ef2_original-60x60.jpg 60w, https:\/\/brasserieduclocher.be\/philomene\/wp-content\/uploads\/2016\/01\/812903fa-33ba-11e5-b3c6-b92f0a713ef2_original-266x266.jpg 266w\" sizes=\"(max-width: 1024px) 100vw, 1024px\" itemprop=\"image\" \/><\/a><\/div><div class=\"content-details\">Le conseil communal de Namur vote\u00a0la d\u00e9saffectation et d\u00e9sacralisation de la chapelle du Piroy, situ\u00e9e \u00e0 Malonne. Le conseil de la fabrique d&#8217;\u00e9glise de Malonne a d\u00e9cid\u00e9 de se s\u00e9parer de l&#8217;\u00e9glise-annexe Sainte Philom\u00e8ne, dite Chapelle du Piroy, par vente ou par cession \u00e0 cause de son mauvais \u00e9tat et\u2026<\/div><\/div><\/div><!-- timeline content --><\/div><!-- .timeline-post-end --><\/div><div class=\"clearfix\"><\/div><\/div> <\/div><!-- end\r\n \t\t================================================== -->\n<p>&nbsp;<\/p>\n","protected":false},"excerpt":{"rendered":"<p>&#8212;- PAGE EN CONSTRUCTION &#8212;- Comme vous le savez, depuis un certain temps la chapelle du Piroy \u00e0 Malonne s\u2019offre une nouvelle jeunesse. Notre pari fou (Jean Cheffert et Alex Vandurme) d\u2019y installer une brasserie commence \u00e0 prendre forme petit \u00e0 petit. Depuis le mois de septembre les travaux se\u2026<\/p>\n","protected":false},"author":1,"featured_media":0,"parent":0,"menu_order":0,"comment_status":"closed","ping_status":"closed","template":"","meta":{"ngg_post_thumbnail":0,"footnotes":""},"_links":{"self":[{"href":"https:\/\/brasserieduclocher.be\/philomene\/wp-json\/wp\/v2\/pages\/145"}],"collection":[{"href":"https:\/\/brasserieduclocher.be\/philomene\/wp-json\/wp\/v2\/pages"}],"about":[{"href":"https:\/\/brasserieduclocher.be\/philomene\/wp-json\/wp\/v2\/types\/page"}],"author":[{"embeddable":true,"href":"https:\/\/brasserieduclocher.be\/philomene\/wp-json\/wp\/v2\/users\/1"}],"replies":[{"embeddable":true,"href":"https:\/\/brasserieduclocher.be\/philomene\/wp-json\/wp\/v2\/comments?post=145"}],"version-history":[{"count":1,"href":"https:\/\/brasserieduclocher.be\/philomene\/wp-json\/wp\/v2\/pages\/145\/revisions"}],"predecessor-version":[{"id":804,"href":"https:\/\/brasserieduclocher.be\/philomene\/wp-json\/wp\/v2\/pages\/145\/revisions\/804"}],"wp:attachment":[{"href":"https:\/\/brasserieduclocher.be\/philomene\/wp-json\/wp\/v2\/media?parent=145"}],"curies":[{"name":"wp","href":"https:\/\/api.w.org\/{rel}","templated":true}]}}